{"id":1072,"date":"2025-01-15T17:12:14","date_gmt":"2025-01-15T16:12:14","guid":{"rendered":"http:\/\/breizhtorm.lndo.site\/?page_id=1072"},"modified":"2025-02-06T15:55:28","modified_gmt":"2025-02-06T14:55:28","slug":"revelez-votre-adn-de-marque","status":"publish","type":"page","link":"https:\/\/demo.breizhtorm.fr\/glenn\/services\/revelez-votre-adn-de-marque\/","title":{"rendered":"R\u00e9v\u00e9lez votre ADN de marque"},"content":{"rendered":"\n<section class=\"wp-block-bzh-section section pd-t-20 pd-b-40 pd-t-sm-40 pd-b-sm-60 pd-t-md-60 pd-b-md-80 has-gradient-2\">\n<div class=\"wrapper wrapper-xl wrapper-center\"><div class=\"wp-block-bzh-columns row are-vertically-aligned-top flex-column-mobile\">\n<div class=\"wp-block-bzh-column col\">\n<div class=\"wp-block-bzh-brick brick pd-b-20 pd-b-sm-40 pd-b-md-60\"><div class=\"brick__content\">\n        <h1 class=\"title title--enormous has-text-align-center\">Align\u00e9<\/h1>\n\n        \n\n\n<p class=\"has-text-align-center\"><strong>Des formats d\u2019accompagnements adapt\u00e9s \u00e0 vos besoins pour concevoir ensemble l\u2019identit\u00e9<br>qui entrera en r\u00e9sonnance avec votre public.<\/strong><\/p>\n<\/div><\/div>\n<\/div>\n<\/div><\/div>\n<\/section>\n\n\n\n<section class=\"wp-block-bzh-section section pd-t-40 pd-b-40 pd-t-sm-80 pd-b-sm-80 pd-t-md-100 pd-b-md-100\">\n<div class=\"wrapper wrapper-xl wrapper-center\"><div class=\"wp-block-bzh-columns row are-vertically-aligned-top flex-column-mobile gap-sm-50 gap-md-100\">\n<div class=\"wp-block-bzh-column col col-sm-6\">\n        <h1 class=\"small-title has-color-3-color pd-b-20 pd-b-sm-40\">PARCOURS<\/h1>\n\n        \n\n\n<h2 class=\"wp-block-heading\">Les avantages du parcours Align\u00e9<\/h2>\n\n\n\n<p>Le Parcours Align\u00e9 est un concentr\u00e9 d\u2019efficacit\u00e9. Il prend en compte l\u2019ensemble de votre environnement pour apporter des solutions cr\u00e9atives pr\u00eates \u00e0 s\u2019inscrire dans votre d\u00e9marche de communication globale : concurrence, ressources internes, tendances, enjeux technologiques, votre parcours ne ressemble \u00e0 aucun autre.<\/p>\n<\/div>\n\n\n\n<div class=\"wp-block-bzh-column col col-sm-6\"><\/div>\n<\/div><\/div>\n<\/section>\n\n\n\n<section class=\"wp-block-bzh-section section pd-b-40 pd-b-sm-80 pd-b-md-100 has-bg\">\n<div class=\"wrapper wrapper-xl wrapper-center\"><div class=\"wp-block-bzh-columns row are-vertically-aligned-full flex-column-mobile gap-sm-40 gap-md-80\">\n<div class=\"wp-block-bzh-column col col-sm-4\">\n<div class=\"wp-block-bzh-animate animate aos-init\" data-aos=\"fade-right\" data-aos-offset=\"120\" data-aos-delay=\"100\" data-aos-duration=\"600\" data-aos-easing=\"ease\" data-aos-once=\"true\" data-aos-anchor-placement=\"center-bottom\">\n        <div class=\"gray-block\">\n            <div class=\"gray-block__inner\">\n                <h3 class=\"gray-block__title\">\n                    <span class=\"gray-block__top-title\">Uniquement du<\/span>\n                    <span class=\"gray-block__bottom-title\">SUR-MESURE<\/span>\n                <\/h3>\n                <div class=\"gray-block__text\">\n                    <p>Les ateliers sont d\u00e9di\u00e9s \u00e0 votre probl\u00e9matique, votre besoin, votre secteur. Nous trouvons ensemble des solutions cr\u00e9atives aux enjeux de votre quotidien et de votre march\u00e9.<\/p>\n                <\/div>\n            <\/div>\n        <\/div>\n\n        <\/div>\n<\/div>\n\n\n\n<div class=\"wp-block-bzh-column col col-sm-4\">\n<div class=\"wp-block-bzh-animate animate aos-init\" data-aos=\"fade-up\" data-aos-offset=\"120\" data-aos-delay=\"100\" data-aos-duration=\"600\" data-aos-easing=\"ease\" data-aos-once=\"true\" data-aos-anchor-placement=\"center-bottom\">\n        <div class=\"gray-block\">\n            <div class=\"gray-block__inner\">\n                <h3 class=\"gray-block__title\">\n                    <span class=\"gray-block__top-title\">Un rythme<\/span>\n                    <span class=\"gray-block__bottom-title\">ADAPT\u00c9<\/span>\n                <\/h3>\n                <div class=\"gray-block__text\">\n                    <p>Nous avan\u00e7ons \u00e0 votre ryhtme, en fonction de la disponiblit\u00e9 de vos \u00e9quipes et des imp\u00e9ratifs de votre agenda. En commen\u00e7ant toujours par les bases<\/p>\n                <\/div>\n            <\/div>\n        <\/div>\n\n        <\/div>\n<\/div>\n\n\n\n<div class=\"wp-block-bzh-column col col-sm-4\">\n<div class=\"wp-block-bzh-animate animate aos-init\" data-aos=\"fade-left\" data-aos-offset=\"120\" data-aos-delay=\"100\" data-aos-duration=\"600\" data-aos-easing=\"ease\" data-aos-once=\"true\" data-aos-anchor-placement=\"center-bottom\">\n        <div class=\"gray-block\">\n            <div class=\"gray-block__inner\">\n                <h3 class=\"gray-block__title\">\n                    <span class=\"gray-block__top-title\">Des solutions<\/span>\n                    <span class=\"gray-block__bottom-title\">CONCR\u00c8TES<\/span>\n                <\/h3>\n                <div class=\"gray-block__text\">\n                    <p>Les conclusions de nos ateliers sont imm\u00e9diatement applicables. Elles s\u2019appuient sur une vision globale et heuristique de votre situation pour activer un plan d\u2019actions.<\/p>\n                <\/div>\n            <\/div>\n        <\/div>\n\n        <\/div>\n<\/div>\n<\/div><\/div>\n<\/section>\n\n\n\n<section class=\"wp-block-bzh-section section pd-t-40 pd-b-40 pd-t-sm-80 pd-b-sm-80 pd-t-md-100 pd-b-md-100 has-gradient-3\">\n<div class=\"wrapper wrapper-xl wrapper-center\"><div class=\"wp-block-bzh-columns row are-vertically-aligned-top flex-column-mobile\">\n<div class=\"wp-block-bzh-column col\">\n        <h1 class=\"small-title has-color-3-color pd-b-20 pd-b-sm-40\">\u00e0 quoi \u00e7a sert ?<\/h1>\n\n        \n\n\n<h2 class=\"wp-block-heading\">Transformez votre impact avec un atelier Align\u00e9<\/h2>\n<\/div>\n<\/div><\/div>\n\n\n\n<div class=\"wrapper wrapper-lg wrapper-center\"><div class=\"wp-block-bzh-columns row are-vertically-aligned-top flex-column-mobile\">\n<div class=\"wp-block-bzh-column col\">\n        <div class=\"stages\">\n                            <div class=\"stages__block\">\n                                        <p class=\"has-normal-font-size\">D\u00e9couvrez les motivations de votre cible pour mieux lui parler et r\u00e9pondre \u00e0 ses attentes<\/p>\n                                   <\/div>\n                            <div class=\"stages__block\">\n                                        <p class=\"has-normal-font-size\">R\u00e9v\u00e9lez votre diff\u00e9rence pour effacer la concurrence et vous rendre incontournable<\/p>\n                                   <\/div>\n                            <div class=\"stages__block\">\n                                        <p class=\"has-normal-font-size\">Devenez plus d\u00e9sirables en vous appuyant sur les progr\u00e8s en neurosciences<\/p>\n                                   <\/div>\n                            <div class=\"stages__block\">\n                                        <p class=\"has-normal-font-size\">Recrutez plus facilement en d\u00e9ployant un discours align\u00e9 avec votre image de marque<\/p>\n                                   <\/div>\n                            <div class=\"stages__block\">\n                                        <p class=\"has-normal-font-size\">Cr\u00e9ez de la confiance pour g\u00e9n\u00e9rer de la recommandation et de la fid\u00e9lisation<\/p>\n                                   <\/div>\n                    <\/div>\n\n        <\/div>\n<\/div><\/div>\n<\/section>\n\n\n\n<section class=\"wp-block-bzh-section section pd-t-40 pd-b-40 pd-t-sm-80 pd-b-sm-80 pd-t-md-100 pd-b-md-100\">\n<div class=\"wrapper wrapper-xl wrapper-center\"><div class=\"wp-block-bzh-columns row are-vertically-aligned-top flex-column-mobile gap-sm-50 gap-md-100\">\n<div class=\"wp-block-bzh-column col col-sm-6\">\n<div class=\"wp-block-bzh-animate animate aos-init\" data-aos=\"fade-right\" data-aos-offset=\"120\" data-aos-delay=\"100\" data-aos-duration=\"600\" data-aos-easing=\"ease\" data-aos-once=\"true\" data-aos-anchor-placement=\"center-bottom\"><\/div>\n\n\n\n<h2 class=\"wp-block-heading\">Cr\u00e9er un lien <br>avec votre march\u00e9<\/h2>\n<\/div>\n\n\n\n<div class=\"wp-block-bzh-column col col-sm-6\"><\/div>\n<\/div><\/div>\n\n\n\n<div class=\"wrapper wrapper-xl wrapper-center\"><div class=\"wp-block-bzh-columns row are-vertically-aligned-top flex-column-mobile gap-sm-50 gap-md-100\">\n<div class=\"wp-block-bzh-column col col-sm-6\">\n<div class=\"wp-block-bzh-animate animate aos-init\" data-aos=\"fade-right\" data-aos-offset=\"120\" data-aos-delay=\"100\" data-aos-duration=\"600\" data-aos-easing=\"ease\" data-aos-once=\"true\" data-aos-anchor-placement=\"center-bottom\">\n<p>Le monde change, les gens sont \u00e0 la fois tous pareils et tous uniques. La concurrence se multiplie. La compr\u00e9hension de votre march\u00e9 est un facteur fondamental de la bonne sant\u00e9 de votre entreprise. Pour tirer votre \u00e9pingle du jeu, il faut un discours clair qui s\u2019adresse \u00e0 une cible sp\u00e9cifique qui trouvera dans votre branding un message qui r\u00e9sonne en elle.<\/p>\n<\/div>\n<\/div>\n\n\n\n<div class=\"wp-block-bzh-column col col-sm-6\">\n<div class=\"wp-block-bzh-animate animate aos-init\" data-aos=\"fade-left\" data-aos-offset=\"120\" data-aos-delay=\"100\" data-aos-duration=\"600\" data-aos-easing=\"ease\" data-aos-once=\"true\" data-aos-anchor-placement=\"center-bottom\">\n<ul class=\"wp-block-list\">\n<li><strong>R\u00e9v\u00e9ler un ADN unique<\/strong> pour vous d\u00e9marquer<\/li>\n\n\n\n<li><strong>Aligner votre image<\/strong> pour cr\u00e9er de la confiance<\/li>\n\n\n\n<li><strong>Vous positionner<\/strong> pour \u00eatre plus performants<\/li>\n\n\n\n<li><strong>F\u00e9d\u00e9rer vos forces<\/strong> autour d\u2019un discours commun<\/li>\n\n\n\n<li><strong>Trouver le ton<\/strong> qui vous ressemble<\/li>\n<\/ul>\n<\/div>\n<\/div>\n<\/div><\/div>\n<\/section>\n\n\n\n<section class=\"wp-block-bzh-section section pd-t-40 pd-b-40 pd-t-sm-60 pd-b-sm-80 pd-t-md-80 pd-b-md-100 has-color-4-background-color has-background\">\n<div class=\"wrapper wrapper-xl wrapper-center\"><div class=\"wp-block-bzh-columns row are-vertically-aligned-top flex-column-mobile\">\n<div class=\"wp-block-bzh-column col\">\n        <h2 class=\"title                 title--underline-blue         has-text-align-center\">\n        Ce qu\u2019en disent mes clients        <\/h2>\n        <\/div>\n<\/div><\/div>\n\n\n\n<div class=\"wp-block-bzh-brick brick pd-t-40 pd-t-sm-60 pd-t-md-80\"><div class=\"brick__content\">\n<div class=\"wrapper wrapper-xl wrapper-center\"><div class=\"wp-block-bzh-columns row are-vertically-aligned-full flex-column-mobile gap-sm-40 gap-md-80\">\n<div class=\"wp-block-bzh-column col col-sm-4\">\n        <div class=\"thought\">\n            <figure class=\"thought__figure\">\n                <img decoding=\"async\" class=\"thought__stars\" src=\"https:\/\/demo.breizhtorm.fr\/glenn\/wp-content\/themes\/glenn\/assets\/images\/5stars.png\" >\n            <\/figure>\n            <div class=\"thought__text\">\n                <p>\u201cD\u00e9j\u00e0 2 projets r\u00e9alis\u00e9s avec Glenn et \u00e0 chaque fois une super exp\u00e9rience avec une efficacit\u00e9 impressionnante ; il est rapide, professionnel ,innovant ,cr\u00e9atif&#8230; en bref un vrai artiste !!! MERCI !!\u201d<\/p>\n            <\/div>\n            <div class=\"thought__signature\">\n                <p class=\"thought__name\">Leti Piton<\/p>\n                <p class=\"thought__company\"><strong><\/strong><\/p>\n            <\/div>\n        <\/div>\n\n        \n\n\n<div class=\"wp-block-bzh-animate animate aos-init\" data-aos=\"fade-right\" data-aos-offset=\"120\" data-aos-delay=\"100\" data-aos-duration=\"600\" data-aos-easing=\"ease\" data-aos-once=\"true\" data-aos-anchor-placement=\"center-bottom\"><\/div>\n<\/div>\n\n\n\n<div class=\"wp-block-bzh-column col col-sm-4\">\n        <div class=\"thought\">\n            <figure class=\"thought__figure\">\n                <img decoding=\"async\" class=\"thought__stars\" src=\"https:\/\/demo.breizhtorm.fr\/glenn\/wp-content\/themes\/glenn\/assets\/images\/5stars.png\" >\n            <\/figure>\n            <div class=\"thought__text\">\n                <p>\u201cTr\u00e8s bons conseils de la part de Glenn, qui connait tr\u00e8s bien son m\u00e9tier et les tendances de la communication ! Je recommande.\u201d<\/p>\n            <\/div>\n            <div class=\"thought__signature\">\n                <p class=\"thought__name\">Solenn Cerdan<\/p>\n                <p class=\"thought__company\"><strong><\/strong><\/p>\n            <\/div>\n        <\/div>\n\n        \n\n\n<div class=\"wp-block-bzh-animate animate aos-init\" data-aos=\"fade-up\" data-aos-offset=\"120\" data-aos-delay=\"100\" data-aos-duration=\"600\" data-aos-easing=\"ease\" data-aos-once=\"true\" data-aos-anchor-placement=\"center-bottom\"><\/div>\n<\/div>\n\n\n\n<div class=\"wp-block-bzh-column col col-sm-4\">\n        <div class=\"thought\">\n            <figure class=\"thought__figure\">\n                <img decoding=\"async\" class=\"thought__stars\" src=\"https:\/\/demo.breizhtorm.fr\/glenn\/wp-content\/themes\/glenn\/assets\/images\/5stars.png\" >\n            <\/figure>\n            <div class=\"thought__text\">\n                <p>\u201cJuste g\u00e9nial<br \/>Vraiment heureux du rendu \ud83d\ude42<br \/>Glenn \u00e0 la capacit\u00e9 de capter les informations et de les concr\u00e9tiser c&rsquo;est presque de la magie.\u201d<\/p>\n            <\/div>\n            <div class=\"thought__signature\">\n                <p class=\"thought__name\">Andreas<\/p>\n                <p class=\"thought__company\"><strong><\/strong><\/p>\n            <\/div>\n        <\/div>\n\n        \n\n\n<div class=\"wp-block-bzh-animate animate aos-init\" data-aos=\"fade-left\" data-aos-offset=\"120\" data-aos-delay=\"100\" data-aos-duration=\"600\" data-aos-easing=\"ease\" data-aos-once=\"true\" data-aos-anchor-placement=\"center-bottom\"><\/div>\n<\/div>\n<\/div><\/div>\n<\/div><\/div>\n<\/section>\n\n\n\n<section class=\"wp-block-bzh-section section pd-t-40 pd-b-40 pd-t-sm-80 pd-b-sm-80 pd-t-md-100 pd-b-md-100 has-gradient-1\" id=\"tarifs\">\n<div class=\"wrapper wrapper-md wrapper-center\"><div class=\"wp-block-bzh-columns row are-vertically-aligned-top flex-column-mobile gap-sm-50 gap-md-100\">\n<div class=\"wp-block-bzh-column col col-sm-6\">\n<div class=\"wp-block-bzh-animate animate aos-init\" data-aos=\"fade-right\" data-aos-offset=\"120\" data-aos-delay=\"100\" data-aos-duration=\"600\" data-aos-easing=\"ease\" data-aos-once=\"true\" data-aos-anchor-placement=\"center-bottom\">\n        <div class=\"workshop\">\n            <div class=\"workshop__inner\">\n                <h2 class=\"workshop__title\">\n                    <span class=\"workshop__top-title\">Atelier<\/span>\n                    <span class=\"workshop__bottom-title\">Neuro<\/span>\n                <\/h2>\n                <div class=\"workshop__text\">\n                    <p>Nous sommes tous diff\u00e9rents mais nous sommes tous \nsoumis aux m\u00eames m\u00e9caniques de fonctionnement. \nD\u00e9sirs, besoins, biais cognitifs ; dans cet atelier, \nje vous donne les clefs pour mieux communiquer.<\/p>\n                <\/div>\n                <ul class=\"workshop__list wp-block-list\">\n                                    <li class=\"workshop__item\">\n                        Diff\u00e9rence entre d\u00e9sir et besoin                    <\/li>\n                                    <li class=\"workshop__item\">\n                        Le secret des love Brands                    <\/li>\n                                    <li class=\"workshop__item\">\n                        Les biais cognitifs                    <\/li>\n                                    <li class=\"workshop__item\">\n                        Ce que le cerveau pr\u00e9f\u00e8re                    <\/li>\n                                <\/ul>\n                <p class=\"workshop__frame\">\n                                    <span class=\"workshop__price\">450\u20ac<\/span>\n                     \/ la demie journ\u00e9e                                <\/p>\n            <\/div>\n        <\/div>\n\n        <\/div>\n<\/div>\n\n\n\n<div class=\"wp-block-bzh-column col col-sm-6\">\n<div class=\"wp-block-bzh-animate animate aos-init\" data-aos=\"fade-left\" data-aos-offset=\"120\" data-aos-delay=\"100\" data-aos-duration=\"600\" data-aos-easing=\"ease\" data-aos-once=\"true\" data-aos-anchor-placement=\"center-bottom\">\n        <div class=\"workshop\">\n            <div class=\"workshop__inner\">\n                <h2 class=\"workshop__title\">\n                    <span class=\"workshop__top-title\">Atelier<\/span>\n                    <span class=\"workshop__bottom-title\">VISION<\/span>\n                <\/h2>\n                <div class=\"workshop__text\">\n                    <p>Un atelier de co-construction qui vous permettra de poser \nles bases de votre identit\u00e9 et de votre strat\u00e9gie. Ensemble, \nnous d\u00e9finissons les piliers qui vous permettront de cr\u00e9er \nun lien puissant avec votre public cible :<\/p>\n                <\/div>\n                <ul class=\"workshop__list wp-block-list\">\n                                    <li class=\"workshop__item\">\n                        Vision                    <\/li>\n                                    <li class=\"workshop__item\">\n                        Mission \/ Promesse                    <\/li>\n                                    <li class=\"workshop__item\">\n                        Arch\u00e9type de marque                    <\/li>\n                                    <li class=\"workshop__item\">\n                        Storytelling                    <\/li>\n                                <\/ul>\n                <p class=\"workshop__frame\">\n                                    <span class=\"workshop__price\">900\u20ac<\/span>\n                     \/ une journ\u00e9e                                <\/p>\n            <\/div>\n        <\/div>\n\n        <\/div>\n<\/div>\n<\/div><\/div>\n<\/section>\n\n\n\n<p><\/p>\n","protected":false},"excerpt":{"rendered":"","protected":false},"author":1,"featured_media":0,"parent":1068,"menu_order":0,"comment_status":"closed","ping_status":"closed","template":"","meta":{"footnotes":""},"class_list":["post-1072","page","type-page","status-publish","hentry"],"yoast_head":"<!-- This site is optimized with the Yoast SEO plugin v24.4 - https:\/\/yoast.com\/wordpress\/plugins\/seo\/ -->\n<title>R\u00e9v\u00e9lez votre ADN de marque - Glenn.bzh<\/title>\n<meta name=\"robots\" content=\"noindex, follow, max-snippet:-1, max-image-preview:large, max-video-preview:-1\" \/>\n<meta property=\"og:locale\" content=\"fr_FR\" \/>\n<meta property=\"og:type\" content=\"article\" \/>\n<meta property=\"og:title\" content=\"R\u00e9v\u00e9lez votre ADN de marque - Glenn.bzh\" \/>\n<meta property=\"og:url\" content=\"https:\/\/demo.breizhtorm.fr\/glenn\/services\/revelez-votre-adn-de-marque\/\" \/>\n<meta property=\"og:site_name\" content=\"Glenn.bzh\" \/>\n<meta property=\"article:modified_time\" content=\"2025-02-06T14:55:28+00:00\" \/>\n<meta name=\"twitter:card\" content=\"summary_large_image\" \/>\n<meta name=\"twitter:label1\" content=\"Dur\u00e9e de lecture estim\u00e9e\" \/>\n\t<meta name=\"twitter:data1\" content=\"1 minute\" \/>\n<script type=\"application\/ld+json\" class=\"yoast-schema-graph\">{\"@context\":\"https:\/\/schema.org\",\"@graph\":[{\"@type\":\"WebPage\",\"@id\":\"https:\/\/demo.breizhtorm.fr\/glenn\/services\/revelez-votre-adn-de-marque\/\",\"url\":\"https:\/\/demo.breizhtorm.fr\/glenn\/services\/revelez-votre-adn-de-marque\/\",\"name\":\"R\u00e9v\u00e9lez votre ADN de marque - Glenn.bzh\",\"isPartOf\":{\"@id\":\"https:\/\/demo.breizhtorm.fr\/glenn\/#website\"},\"datePublished\":\"2025-01-15T16:12:14+00:00\",\"dateModified\":\"2025-02-06T14:55:28+00:00\",\"breadcrumb\":{\"@id\":\"https:\/\/demo.breizhtorm.fr\/glenn\/services\/revelez-votre-adn-de-marque\/#breadcrumb\"},\"inLanguage\":\"fr-FR\",\"potentialAction\":[{\"@type\":\"ReadAction\",\"target\":[\"https:\/\/demo.breizhtorm.fr\/glenn\/services\/revelez-votre-adn-de-marque\/\"]}]},{\"@type\":\"BreadcrumbList\",\"@id\":\"https:\/\/demo.breizhtorm.fr\/glenn\/services\/revelez-votre-adn-de-marque\/#breadcrumb\",\"itemListElement\":[{\"@type\":\"ListItem\",\"position\":1,\"name\":\"Accueil\",\"item\":\"https:\/\/demo.breizhtorm.fr\/glenn\/\"},{\"@type\":\"ListItem\",\"position\":2,\"name\":\"Services\",\"item\":\"https:\/\/demo.breizhtorm.fr\/glenn\/services\/\"},{\"@type\":\"ListItem\",\"position\":3,\"name\":\"R\u00e9v\u00e9lez votre ADN de marque\"}]},{\"@type\":\"WebSite\",\"@id\":\"https:\/\/demo.breizhtorm.fr\/glenn\/#website\",\"url\":\"https:\/\/demo.breizhtorm.fr\/glenn\/\",\"name\":\"Breizhtorm\",\"description\":\"\",\"publisher\":{\"@id\":\"https:\/\/demo.breizhtorm.fr\/glenn\/#organization\"},\"potentialAction\":[{\"@type\":\"SearchAction\",\"target\":{\"@type\":\"EntryPoint\",\"urlTemplate\":\"https:\/\/demo.breizhtorm.fr\/glenn\/?s={search_term_string}\"},\"query-input\":{\"@type\":\"PropertyValueSpecification\",\"valueRequired\":true,\"valueName\":\"search_term_string\"}}],\"inLanguage\":\"fr-FR\"},{\"@type\":\"Organization\",\"@id\":\"https:\/\/demo.breizhtorm.fr\/glenn\/#organization\",\"name\":\"Breizhtorm\",\"url\":\"https:\/\/demo.breizhtorm.fr\/glenn\/\",\"logo\":{\"@type\":\"ImageObject\",\"inLanguage\":\"fr-FR\",\"@id\":\"https:\/\/demo.breizhtorm.fr\/glenn\/#\/schema\/logo\/image\/\",\"url\":\"https:\/\/demo.breizhtorm.fr\/glenn\/wp-content\/uploads\/2025\/01\/Logo_glenn-bzh.png\",\"contentUrl\":\"https:\/\/demo.breizhtorm.fr\/glenn\/wp-content\/uploads\/2025\/01\/Logo_glenn-bzh.png\",\"width\":515,\"height\":91,\"caption\":\"Breizhtorm\"},\"image\":{\"@id\":\"https:\/\/demo.breizhtorm.fr\/glenn\/#\/schema\/logo\/image\/\"}}]}<\/script>\n<!-- \/ Yoast SEO plugin. -->","yoast_head_json":{"title":"R\u00e9v\u00e9lez votre ADN de marque - Glenn.bzh","robots":{"index":"noindex","follow":"follow","max-snippet":"max-snippet:-1","max-image-preview":"max-image-preview:large","max-video-preview":"max-video-preview:-1"},"og_locale":"fr_FR","og_type":"article","og_title":"R\u00e9v\u00e9lez votre ADN de marque - Glenn.bzh","og_url":"https:\/\/demo.breizhtorm.fr\/glenn\/services\/revelez-votre-adn-de-marque\/","og_site_name":"Glenn.bzh","article_modified_time":"2025-02-06T14:55:28+00:00","twitter_card":"summary_large_image","twitter_misc":{"Dur\u00e9e de lecture estim\u00e9e":"1 minute"},"schema":{"@context":"https:\/\/schema.org","@graph":[{"@type":"WebPage","@id":"https:\/\/demo.breizhtorm.fr\/glenn\/services\/revelez-votre-adn-de-marque\/","url":"https:\/\/demo.breizhtorm.fr\/glenn\/services\/revelez-votre-adn-de-marque\/","name":"R\u00e9v\u00e9lez votre ADN de marque - Glenn.bzh","isPartOf":{"@id":"https:\/\/demo.breizhtorm.fr\/glenn\/#website"},"datePublished":"2025-01-15T16:12:14+00:00","dateModified":"2025-02-06T14:55:28+00:00","breadcrumb":{"@id":"https:\/\/demo.breizhtorm.fr\/glenn\/services\/revelez-votre-adn-de-marque\/#breadcrumb"},"inLanguage":"fr-FR","potentialAction":[{"@type":"ReadAction","target":["https:\/\/demo.breizhtorm.fr\/glenn\/services\/revelez-votre-adn-de-marque\/"]}]},{"@type":"BreadcrumbList","@id":"https:\/\/demo.breizhtorm.fr\/glenn\/services\/revelez-votre-adn-de-marque\/#breadcrumb","itemListElement":[{"@type":"ListItem","position":1,"name":"Accueil","item":"https:\/\/demo.breizhtorm.fr\/glenn\/"},{"@type":"ListItem","position":2,"name":"Services","item":"https:\/\/demo.breizhtorm.fr\/glenn\/services\/"},{"@type":"ListItem","position":3,"name":"R\u00e9v\u00e9lez votre ADN de marque"}]},{"@type":"WebSite","@id":"https:\/\/demo.breizhtorm.fr\/glenn\/#website","url":"https:\/\/demo.breizhtorm.fr\/glenn\/","name":"Breizhtorm","description":"","publisher":{"@id":"https:\/\/demo.breizhtorm.fr\/glenn\/#organization"},"potentialAction":[{"@type":"SearchAction","target":{"@type":"EntryPoint","urlTemplate":"https:\/\/demo.breizhtorm.fr\/glenn\/?s={search_term_string}"},"query-input":{"@type":"PropertyValueSpecification","valueRequired":true,"valueName":"search_term_string"}}],"inLanguage":"fr-FR"},{"@type":"Organization","@id":"https:\/\/demo.breizhtorm.fr\/glenn\/#organization","name":"Breizhtorm","url":"https:\/\/demo.breizhtorm.fr\/glenn\/","logo":{"@type":"ImageObject","inLanguage":"fr-FR","@id":"https:\/\/demo.breizhtorm.fr\/glenn\/#\/schema\/logo\/image\/","url":"https:\/\/demo.breizhtorm.fr\/glenn\/wp-content\/uploads\/2025\/01\/Logo_glenn-bzh.png","contentUrl":"https:\/\/demo.breizhtorm.fr\/glenn\/wp-content\/uploads\/2025\/01\/Logo_glenn-bzh.png","width":515,"height":91,"caption":"Breizhtorm"},"image":{"@id":"https:\/\/demo.breizhtorm.fr\/glenn\/#\/schema\/logo\/image\/"}}]}},"_links":{"self":[{"href":"https:\/\/demo.breizhtorm.fr\/glenn\/wp-json\/wp\/v2\/pages\/1072","targetHints":{"allow":["GET"]}}],"collection":[{"href":"https:\/\/demo.breizhtorm.fr\/glenn\/wp-json\/wp\/v2\/pages"}],"about":[{"href":"https:\/\/demo.breizhtorm.fr\/glenn\/wp-json\/wp\/v2\/types\/page"}],"author":[{"embeddable":true,"href":"https:\/\/demo.breizhtorm.fr\/glenn\/wp-json\/wp\/v2\/users\/1"}],"replies":[{"embeddable":true,"href":"https:\/\/demo.breizhtorm.fr\/glenn\/wp-json\/wp\/v2\/comments?post=1072"}],"version-history":[{"count":34,"href":"https:\/\/demo.breizhtorm.fr\/glenn\/wp-json\/wp\/v2\/pages\/1072\/revisions"}],"predecessor-version":[{"id":1438,"href":"https:\/\/demo.breizhtorm.fr\/glenn\/wp-json\/wp\/v2\/pages\/1072\/revisions\/1438"}],"up":[{"embeddable":true,"href":"https:\/\/demo.breizhtorm.fr\/glenn\/wp-json\/wp\/v2\/pages\/1068"}],"wp:attachment":[{"href":"https:\/\/demo.breizhtorm.fr\/glenn\/wp-json\/wp\/v2\/media?parent=1072"}],"curies":[{"name":"wp","href":"https:\/\/api.w.org\/{rel}","templated":true}]}}