{"id":8,"date":"2024-10-29T11:36:30","date_gmt":"2024-10-29T10:36:30","guid":{"rendered":"http:\/\/breizhtorm.lndo.site\/?page_id=8"},"modified":"2025-02-06T15:26:22","modified_gmt":"2025-02-06T14:26:22","slug":"accueil","status":"publish","type":"page","link":"https:\/\/demo.breizhtorm.fr\/glenn\/","title":{"rendered":"Accueil"},"content":{"rendered":"\n<section class=\"wp-block-bzh-section section has-gradient-1\">\n<div class=\"wrapper wrapper-xl wrapper-center\"><div class=\"wp-block-bzh-columns row are-vertically-aligned-center flex-column-mobile\">\n<div class=\"wp-block-bzh-column col col-sm-6 col-md-8\">\n<div class=\"wp-block-bzh-brick brick title-container\"><div class=\"brick__content\">\n<p class=\"pre-title has-color-3-color has-text-color has-link-color wp-elements-bae3afe2e8287104585ed3ecff57ada7\">Alignez-vous !<\/p>\n\n\n\n        <h1 class=\"title                 title--underline-blue        \">\n        Transformez l\u2019image <br \/>de votre entreprise pour vous <br \/><span class=\"underline\">connecter<\/span> \u00e0 votre public.        <\/h1>\n        <\/div><\/div>\n\n\n\n<hr class=\"wp-block-bzh-spacer spacer pd-b-40 pd-b-sm-60 pd-b-md-80\"\/>\n\n\n\n<div class=\"wp-block-bzh-button btn btn--left\"><a class=\"btn__link  has-color-2-background-color  has-white-hover-background-color  has-color-1-color  has-color-1-hover-color  has-color-2-border-color  has-color-2-hover-border-color\" href=\"http:\/\/demo.breizhtorm.fr\/glenn\/services\/revelez-votre-adn-de-marque\/\">Le concept align\u00e9<\/a><\/div>\n<\/div>\n\n\n\n<div class=\"wp-block-bzh-column col col-sm-6 col-md-4\">\n<figure class=\"wp-block-image size-large glenn-portrait\"><img loading=\"lazy\" decoding=\"async\" width=\"700\" height=\"1044\" src=\"http:\/\/demo.breizhtorm.fr\/glenn\/wp-content\/uploads\/2025\/02\/glenn-portrait-700x1044.png\" alt=\"\" class=\"wp-image-1365\" srcset=\"https:\/\/demo.breizhtorm.fr\/glenn\/wp-content\/uploads\/2025\/02\/glenn-portrait-700x1044.png 700w, https:\/\/demo.breizhtorm.fr\/glenn\/wp-content\/uploads\/2025\/02\/glenn-portrait-250x373.png 250w, https:\/\/demo.breizhtorm.fr\/glenn\/wp-content\/uploads\/2025\/02\/glenn-portrait-768x1146.png 768w, https:\/\/demo.breizhtorm.fr\/glenn\/wp-content\/uploads\/2025\/02\/glenn-portrait-1030x1536.png 1030w, https:\/\/demo.breizhtorm.fr\/glenn\/wp-content\/uploads\/2025\/02\/glenn-portrait-1373x2048.png 1373w, https:\/\/demo.breizhtorm.fr\/glenn\/wp-content\/uploads\/2025\/02\/glenn-portrait-120x179.png 120w, https:\/\/demo.breizhtorm.fr\/glenn\/wp-content\/uploads\/2025\/02\/glenn-portrait.png 1936w\" sizes=\"auto, (max-width: 700px) 100vw, 700px\" \/><\/figure>\n<\/div>\n<\/div><\/div>\n<\/section>\n\n\n\n<section class=\"wp-block-bzh-section section pd-t-40 pd-b-40 pd-t-sm-80 pd-b-sm-80 pd-t-md-100 pd-b-md-100\">\n<div class=\"wrapper wrapper-xl wrapper-center\"><div class=\"wp-block-bzh-columns row are-vertically-aligned-top flex-column-mobile gap-sm-50 gap-md-100\">\n<div class=\"wp-block-bzh-column col col-sm-6\">\n<div class=\"wp-block-bzh-animate animate aos-init\" data-aos=\"fade-right\" data-aos-offset=\"120\" data-aos-delay=\"100\" data-aos-duration=\"600\" data-aos-easing=\"ease\" data-aos-once=\"true\" data-aos-anchor-placement=\"center-bottom\">\n<figure class=\"wp-block-image size-full\"><img loading=\"lazy\" decoding=\"async\" width=\"765\" height=\"726\" src=\"http:\/\/demo.breizhtorm.fr\/glenn\/wp-content\/uploads\/2025\/01\/glenn-sweat.jpg\" alt=\"\" class=\"wp-image-981\" srcset=\"https:\/\/demo.breizhtorm.fr\/glenn\/wp-content\/uploads\/2025\/01\/glenn-sweat.jpg 765w, https:\/\/demo.breizhtorm.fr\/glenn\/wp-content\/uploads\/2025\/01\/glenn-sweat-250x237.jpg 250w, https:\/\/demo.breizhtorm.fr\/glenn\/wp-content\/uploads\/2025\/01\/glenn-sweat-700x664.jpg 700w, https:\/\/demo.breizhtorm.fr\/glenn\/wp-content\/uploads\/2025\/01\/glenn-sweat-120x114.jpg 120w\" sizes=\"auto, (max-width: 765px) 100vw, 765px\" \/><\/figure>\n<\/div>\n<\/div>\n\n\n\n<div class=\"wp-block-bzh-column col col-sm-6\">\n<div class=\"wp-block-bzh-brick brick pd-t-40 pd-b-40\"><div class=\"brick__content\">\n<h2 class=\"wp-block-heading\">Pourquoi travailler avec moi ?<\/h2>\n\n\n\n<p><strong>Si vous avez compris que 50% de vos d\u00e9penses de communication ne sont pas rentables tant que votre image n\u2019est pas align\u00e9e avec vos messages et vos actions, vous \u00eates au bon endroit.<\/strong><\/p>\n\n\n\n<p>Comme un bon ami, une marque ou une entreprise doit inspirer confiance avant tout. Ce sentiment cr\u00e9e une relation qui, \u00e0 tr\u00e8s court terme, rend votre communication plus efficace. Elle consolide votre notori\u00e9t\u00e9, elle g\u00e9n\u00e8re de la recommandation, elle muscle votre marque-employeur. Du petit artisan au grand groupe, nous avons tous une histoire \u00e0 raconter, il est l\u2019heure de vous aligner. Et je peux vous aider \u00e0 passer ce cap.<\/p>\n\n\n\n<div class=\"wp-block-bzh-button btn btn--left\"><a class=\"btn__link  has-color-2-background-color  has-white-hover-background-color  has-color-1-color  has-color-1-hover-color  has-color-2-border-color  has-color-2-hover-border-color\" href=\"http:\/\/demo.breizhtorm.fr\/glenn\/references\/\">D\u00e9couvrez mon histoire<\/a><\/div>\n<\/div><\/div>\n<\/div>\n<\/div><\/div>\n<\/section>\n\n\n\n<section class=\"wp-block-bzh-section section pd-b-40 pd-b-sm-80 pd-b-md-100\">\n<div class=\"wrapper wrapper-xl wrapper-center\"><div class=\"wp-block-bzh-columns row are-vertically-aligned-top flex-column-mobile gap-sm-50 gap-md-100\">\n<div class=\"wp-block-bzh-column col col-sm-6 order-1 order-sm-0\">\n<div class=\"wp-block-bzh-brick brick pd-t-40 pd-b-40\"><div class=\"brick__content\">\n<h2 class=\"wp-block-heading\">Ma vision <br>de la communication<\/h2>\n\n\n\n<p>Apr\u00e8s 25 ans pass\u00e9s aux postes de directeur de cr\u00e9ation et directeur de la communication aupr\u00e8s de petites entreprises et de tr\u00e8s grands groupes, j\u2019ai dress\u00e9 le bilan des constats qui se sont impos\u00e9s \u00e0 moi de fa\u00e7on \u00e9vidente :<\/p>\n\n\n\n<ul class=\"wp-block-list\">\n<li><strong>Le storytelling est la locomotive de votre image de marque<\/strong><\/li>\n\n\n\n<li><strong>On ne doit pas essayer de plaire \u00e0 tout le monde<\/strong><\/li>\n\n\n\n<li><strong>L\u2019\u00e9motion est plus importante que la raison<\/strong><\/li>\n\n\n\n<li><strong>Vous n\u2019avez pas de concurrence si vous \u00eates unique<\/strong><\/li>\n\n\n\n<li><strong>Il suffit parfois d\u2019un seul mot pour transformer un r\u00e9sultat<\/strong><\/li>\n<\/ul>\n<\/div><\/div>\n<\/div>\n\n\n\n<div class=\"wp-block-bzh-column col col-sm-6\">\n<div class=\"wp-block-bzh-animate animate aos-init\" data-aos=\"fade-left\" data-aos-offset=\"120\" data-aos-delay=\"100\" data-aos-duration=\"600\" data-aos-easing=\"ease\" data-aos-once=\"true\" data-aos-anchor-placement=\"center-bottom\">\n<figure class=\"wp-block-image size-full\"><img loading=\"lazy\" decoding=\"async\" width=\"765\" height=\"726\" src=\"http:\/\/breizhtorm.lndo.site\/wp-content\/uploads\/2025\/01\/glenn-camera.jpg\" alt=\"\" class=\"wp-image-988\" srcset=\"https:\/\/demo.breizhtorm.fr\/glenn\/wp-content\/uploads\/2025\/01\/glenn-camera.jpg 765w, https:\/\/demo.breizhtorm.fr\/glenn\/wp-content\/uploads\/2025\/01\/glenn-camera-250x237.jpg 250w, https:\/\/demo.breizhtorm.fr\/glenn\/wp-content\/uploads\/2025\/01\/glenn-camera-700x664.jpg 700w, https:\/\/demo.breizhtorm.fr\/glenn\/wp-content\/uploads\/2025\/01\/glenn-camera-120x114.jpg 120w\" sizes=\"auto, (max-width: 765px) 100vw, 765px\" \/><\/figure>\n<\/div>\n<\/div>\n<\/div><\/div>\n<\/section>\n\n\n\n<section class=\"wp-block-bzh-section section\">\n<div class=\"wrapper wrapper-xl wrapper-center\"><div class=\"wp-block-bzh-columns row are-vertically-aligned-top flex-column-mobile\">\n<div class=\"wp-block-bzh-column col\">\n<div class=\"wp-block-bzh-brick brick pd-t-40 pd-b-40 pd-t-sm-60 pd-b-sm-60 pd-t-md-80 pd-b-md-80 has-color-2-background-color has-background\"><div class=\"brick__content\">\n<blockquote class=\"wp-block-quote\">\n<p class=\"has-text-align-center\">\u201cLe branding, c\u2019est l\u2019art d\u2019<mark style=\"background-color:rgba(0, 0, 0, 0)\" class=\"has-inline-color has-color-3-color\">aligner<\/mark> votre image, votre discours<br>et vos actions pour cr\u00e9er une connexion avec votre march\u00e9.\u201d<\/p>\n<\/blockquote>\n<\/div><\/div>\n<\/div>\n<\/div><\/div>\n<\/section>\n\n\n\n<section class=\"wp-block-bzh-section section pd-t-40 pd-b-40 pd-t-sm-80 pd-b-sm-60 pd-t-md-100 pd-b-md-80\">\n<div class=\"wrapper wrapper-xl wrapper-center\"><div class=\"wp-block-bzh-columns row are-vertically-aligned-full flex-column-mobile gap-sm-50 gap-md-100\">\n<div class=\"wp-block-bzh-column col col-sm-6 order-1 order-sm-0\">\n<div class=\"wp-block-bzh-brick brick pd-t-40 pd-b-40\"><div class=\"brick__content\">\n<h2 class=\"wp-block-heading\">Je travaille avec :<\/h2>\n\n\n\n        <div class=\"stages\">\n                            <div class=\"stages__block\">\n                                       <h3 class=\"stages__title has-color-3-color\">Les solopreneurs<\/h3>\n                   <div class=\"stages__text\">\n                        <p>qui souhaitent cr\u00e9er leur <strong>personal branding<\/strong> et <strong>d\u00e9velopper<\/strong> leur visibilit\u00e9 aupr\u00e8s de leur audience.<\/p>\n                   <\/div>\n                                   <\/div>\n                            <div class=\"stages__block\">\n                                       <h3 class=\"stages__title has-color-3-color\">Les dirigeants<\/h3>\n                   <div class=\"stages__text\">\n                        <p>qui cherchent des solutions pour <strong>conqu\u00e9rir ou fid\u00e9liser leur public<\/strong> face \u00e0 la concurrence.<\/p>\n                   <\/div>\n                                   <\/div>\n                            <div class=\"stages__block\">\n                                       <h3 class=\"stages__title has-color-3-color\">Les TPE et PME<\/h3>\n                   <div class=\"stages__text\">\n                        <p>qui ont besoin de poser les <strong>fondations solides<\/strong> de leurs futures communications.<\/p>\n                   <\/div>\n                                   <\/div>\n                            <div class=\"stages__block\">\n                                       <h3 class=\"stages__title has-color-3-color\">Les grands groupes<\/h3>\n                   <div class=\"stages__text\">\n                        <p>qui veulent impliquer leurs \u00e9quipes pour <strong>relever les d\u00e9fis de leur march\u00e9<\/strong>.<\/p>\n                   <\/div>\n                                   <\/div>\n                    <\/div>\n\n        <\/div><\/div>\n<\/div>\n\n\n\n<div class=\"wp-block-bzh-column col col-sm-6\">\n<div class=\"wp-block-bzh-animate animate aos-init\" data-aos=\"fade-left\" data-aos-offset=\"120\" data-aos-delay=\"100\" data-aos-duration=\"600\" data-aos-easing=\"ease\" data-aos-once=\"true\" data-aos-anchor-placement=\"center-bottom\">\n<figure class=\"wp-block-image size-full\"><img loading=\"lazy\" decoding=\"async\" width=\"545\" height=\"577\" src=\"http:\/\/demo.breizhtorm.fr\/glenn\/wp-content\/uploads\/2025\/01\/glenn-travaille-avec_1.jpg\" alt=\"\" class=\"wp-image-1021\" srcset=\"https:\/\/demo.breizhtorm.fr\/glenn\/wp-content\/uploads\/2025\/01\/glenn-travaille-avec_1.jpg 545w, https:\/\/demo.breizhtorm.fr\/glenn\/wp-content\/uploads\/2025\/01\/glenn-travaille-avec_1-250x265.jpg 250w, https:\/\/demo.breizhtorm.fr\/glenn\/wp-content\/uploads\/2025\/01\/glenn-travaille-avec_1-120x127.jpg 120w\" sizes=\"auto, (max-width: 545px) 100vw, 545px\" \/><\/figure>\n<\/div>\n<\/div>\n<\/div><\/div>\n<\/section>\n\n\n\n<section class=\"wp-block-bzh-section section pd-t-20 pd-b-40 pd-t-sm-40 pd-b-sm-80 pd-t-md-60 pd-b-md-100\">\n<div class=\"wrapper wrapper-xl wrapper-center\"><div class=\"wp-block-bzh-columns row are-vertically-aligned-top flex-column-mobile\">\n<div class=\"wp-block-bzh-column col\">\n        <div class=\"logos\">\n                            <figure class=\"logos__figure logos__figure--5\">\n                    <img src=http:\/\/demo.breizhtorm.fr\/glenn\/wp-content\/uploads\/2025\/01\/logo-orange.png >\n                <\/figure>\n                            <figure class=\"logos__figure logos__figure--5\">\n                    <img src=http:\/\/demo.breizhtorm.fr\/glenn\/wp-content\/uploads\/2025\/01\/logo-global-services.png >\n                <\/figure>\n                            <figure class=\"logos__figure logos__figure--5\">\n                    <img src=http:\/\/demo.breizhtorm.fr\/glenn\/wp-content\/uploads\/2025\/01\/logo-total-energies.png >\n                <\/figure>\n                            <figure class=\"logos__figure logos__figure--5\">\n                    <img src=http:\/\/demo.breizhtorm.fr\/glenn\/wp-content\/uploads\/2025\/01\/logo-le-village.png >\n                <\/figure>\n                            <figure class=\"logos__figure logos__figure--5\">\n                    <img src=http:\/\/demo.breizhtorm.fr\/glenn\/wp-content\/uploads\/2025\/01\/logo-klaxon.png >\n                <\/figure>\n                    <\/div>\n\n        \n\n\n<div class=\"wp-block-bzh-brick brick pd-t-40 pd-t-sm-60 pd-t-md-80\"><div class=\"brick__content\">\n<div class=\"wp-block-bzh-button btn btn--center\"><a class=\"btn__link  has-color-2-background-color  has-white-hover-background-color  has-color-1-color  has-color-1-hover-color  has-color-2-border-color  has-color-2-hover-border-color\" href=\"http:\/\/demo.breizhtorm.fr\/glenn\/services\/revelez-votre-adn-de-marque\/\">D\u00e9couvrez le concept align\u00e9<\/a><\/div>\n<\/div><\/div>\n<\/div>\n<\/div><\/div>\n<\/section>\n\n\n\n<section class=\"wp-block-bzh-section section pd-t-40 pd-b-40 pd-t-sm-60 pd-b-sm-80 pd-t-md-80 pd-b-md-100 has-bg\">\n<div class=\"wrapper wrapper-xl wrapper-center\"><div class=\"wp-block-bzh-columns row are-vertically-aligned-top flex-column-mobile\">\n<div class=\"wp-block-bzh-column col\">\n        <h2 class=\"title                 title--underline-blue         has-text-align-center\">\n        Mes <span class=\"underline\">services<\/span>        <\/h2>\n        <\/div>\n<\/div><\/div>\n\n\n\n<div class=\"wp-block-bzh-brick brick pd-t-40 pd-t-sm-60 pd-t-md-80\"><div class=\"brick__content\">\n<div class=\"wrapper wrapper-xl wrapper-center\"><div class=\"wp-block-bzh-columns row are-vertically-aligned-full flex-column-mobile gap-sm-40 gap-md-80\">\n<div class=\"wp-block-bzh-column col col-sm-4\">\n<div class=\"wp-block-bzh-animate animate aos-init\" data-aos=\"fade-right\" data-aos-offset=\"120\" data-aos-delay=\"100\" data-aos-duration=\"600\" data-aos-easing=\"ease\" data-aos-once=\"true\" data-aos-anchor-placement=\"center-bottom\">\n        <div class=\"tarif\">\n            <h3 class=\"tarif__title\">Cr\u00e9ez votre<br \/>\nADN DE MARQUE<\/h3>\n            <div class=\"tarif__text\">\n                <p>Choisissez votre formule pour r\u00e9v\u00e9ler ce qui vous rend unique. Soyez diff\u00e9rents, sortez du lot, et construisez une marque qu\u2019on a envie d\u2019aimer.<\/p>\n                <div class=\"wp-block-bzh-button btn btn--center\">\n                    <a href=\"https:\/\/demo.breizhtorm.fr\/glenn\/services\/revelez-votre-adn-de-marque\/#tarifs\" class=\"btn__link has-color-2-background-color has-white-hover-background-color has-color-1-color has-color-1-hover-color has-color-2-border-color has-color-2-hover-border-color\">VOIR LES TARIFS ateliers<\/a>\n                <\/div>\n            <\/div>\n        <\/div>\n\n        <\/div>\n<\/div>\n\n\n\n<div class=\"wp-block-bzh-column col col-sm-4\">\n<div class=\"wp-block-bzh-animate animate aos-init\" data-aos=\"fade-up\" data-aos-offset=\"120\" data-aos-delay=\"100\" data-aos-duration=\"600\" data-aos-easing=\"ease\" data-aos-once=\"true\" data-aos-anchor-placement=\"center-bottom\">\n        <div class=\"tarif\">\n            <h3 class=\"tarif__title\">Am\u00e9liorez votre<br \/>\nCOMMUNICATION<\/h3>\n            <div class=\"tarif__text\">\n                <p>Votre branding est d\u00e9j\u00e0 en place mais vous souhaitez am\u00e9liorer votre strat\u00e9gie ? vos supports ? ou mener une campagne de communication percutante ?<\/p>\n                <div class=\"wp-block-bzh-button btn btn--center\">\n                    <a href=\"https:\/\/demo.breizhtorm.fr\/glenn\/services\/ameliorez-vos-supports\/#tarifs\" class=\"btn__link has-color-2-background-color has-white-hover-background-color has-color-1-color has-color-1-hover-color has-color-2-border-color has-color-2-hover-border-color\">VOIR LES TARIFS consulting<\/a>\n                <\/div>\n            <\/div>\n        <\/div>\n\n        <\/div>\n<\/div>\n\n\n\n<div class=\"wp-block-bzh-column col col-sm-4\">\n<div class=\"wp-block-bzh-animate animate aos-init\" data-aos=\"fade-left\" data-aos-offset=\"120\" data-aos-delay=\"100\" data-aos-duration=\"600\" data-aos-easing=\"ease\" data-aos-once=\"true\" data-aos-anchor-placement=\"center-bottom\">\n        <div class=\"tarif\">\n            <h3 class=\"tarif__title\">Vivez votre<br \/>\nHACKATHON<\/h3>\n            <div class=\"tarif__text\">\n                <p>Votre entreprise a des d\u00e9fis \u00e0 relever collectivement et vous voulez engager toutes vos \u00e9quipes dans le processus ? <br \/>Je travaille avec une \u00e9quipe sp\u00e9cialis\u00e9e.<\/p>\n                <div class=\"wp-block-bzh-button btn btn--center\">\n                    <a href=\"https:\/\/demo.breizhtorm.fr\/glenn\/services\/vivez-votre-hackathon\/#tarifs\" class=\"btn__link has-color-2-background-color has-white-hover-background-color has-color-1-color has-color-1-hover-color has-color-2-border-color has-color-2-hover-border-color\">VOIR LES TARIFS HACKATHON<\/a>\n                <\/div>\n            <\/div>\n        <\/div>\n\n        <\/div>\n<\/div>\n<\/div><\/div>\n<\/div><\/div>\n<\/section>\n\n\n\n<section class=\"wp-block-bzh-section section pd-t-40 pd-b-40 pd-t-sm-60 pd-b-sm-80 pd-t-md-80 pd-b-md-100 has-color-4-background-color has-background\">\n<div class=\"wrapper wrapper-xl wrapper-center\"><div class=\"wp-block-bzh-columns row are-vertically-aligned-top flex-column-mobile\">\n<div class=\"wp-block-bzh-column col\">\n        <h2 class=\"title                 title--underline-blue         has-text-align-center\">\n        Ils me font <span class=\"circle\">confiance<\/span>        <\/h2>\n        <\/div>\n<\/div><\/div>\n\n\n\n<div class=\"wp-block-bzh-brick brick pd-t-40 pd-t-sm-60 pd-t-md-80\"><div class=\"brick__content\">\n<div class=\"wrapper wrapper-xl wrapper-center\"><div class=\"wp-block-bzh-columns row are-vertically-aligned-full flex-column-mobile gap-sm-40 gap-md-80\">\n<div class=\"wp-block-bzh-column col col-sm-4\">\n        <div class=\"thought\">\n            <figure class=\"thought__figure\">\n                <img decoding=\"async\" class=\"thought__stars\" src=\"https:\/\/demo.breizhtorm.fr\/glenn\/wp-content\/themes\/glenn\/assets\/images\/5stars.png\" >\n            <\/figure>\n            <div class=\"thought__text\">\n                <p>\u201cNous avons l&rsquo;occasion de travailler avec Glenn et son \u00e9quipe depuis plusieurs mois maintenant. Un grand merci pour leur accompagnement et leur travail. Pour notre entreprise et sa communication, il y a un avant et apr\u00e8s, d\u00e9fi relev\u00e9 !\u201d<\/p>\n            <\/div>\n            <div class=\"thought__signature\">\n                <p class=\"thought__name\">Jules MORAT <\/p>\n                <p class=\"thought__company\"><strong>KEROS<\/strong><\/p>\n            <\/div>\n        <\/div>\n\n        \n\n\n<div class=\"wp-block-bzh-animate animate aos-init\" data-aos=\"fade-right\" data-aos-offset=\"120\" data-aos-delay=\"100\" data-aos-duration=\"600\" data-aos-easing=\"ease\" data-aos-once=\"true\" data-aos-anchor-placement=\"center-bottom\"><\/div>\n<\/div>\n\n\n\n<div class=\"wp-block-bzh-column col col-sm-4\">\n        <div class=\"thought\">\n            <figure class=\"thought__figure\">\n                <img decoding=\"async\" class=\"thought__stars\" src=\"https:\/\/demo.breizhtorm.fr\/glenn\/wp-content\/themes\/glenn\/assets\/images\/5stars.png\" >\n            <\/figure>\n            <div class=\"thought__text\">\n                <p>\u201cMerci pour l&rsquo;ensemble de vos conseils, nous avons d\u00e9cid\u00e9 de changer le nom de notre entreprise vieille de 32ans et cela nous a g\u00e9n\u00e9r\u00e9 pas mal d&rsquo;angoisse.<br \/>Mais votre accompagnement nous a compl\u00e8tement rassur\u00e9 dans ce choix, et aujourd&rsquo;hui nous sommes ravis de notre nouvelle identit\u00e9.<br \/>Nous ne manquerons pas de vous recommander.\u201d<\/p>\n            <\/div>\n            <div class=\"thought__signature\">\n                <p class=\"thought__name\">Kevin Bourdin<\/p>\n                <p class=\"thought__company\"><strong>Karwan<\/strong><\/p>\n            <\/div>\n        <\/div>\n\n        \n\n\n<div class=\"wp-block-bzh-animate animate aos-init\" data-aos=\"fade-up\" data-aos-offset=\"120\" data-aos-delay=\"100\" data-aos-duration=\"600\" data-aos-easing=\"ease\" data-aos-once=\"true\" data-aos-anchor-placement=\"center-bottom\"><\/div>\n<\/div>\n\n\n\n<div class=\"wp-block-bzh-column col col-sm-4\">\n        <div class=\"thought\">\n            <figure class=\"thought__figure\">\n                <img decoding=\"async\" class=\"thought__stars\" src=\"https:\/\/demo.breizhtorm.fr\/glenn\/wp-content\/themes\/glenn\/assets\/images\/5stars.png\" >\n            <\/figure>\n            <div class=\"thought__text\">\n                <p>\u201cBREIZHTORM, c&rsquo;est l&rsquo;apport de pr\u00e9cieux conseils et d&rsquo;une vision d\u00e9cal\u00e9e permettant de vraiment se d\u00e9marquer en mati\u00e8re de communication.<br \/>Mais, travaillant ensemble depuis 2 ans, c&rsquo;est avant tout une \u00e9coute tr\u00e8s attentive permettant de construire des projets qui ne d\u00e9naturent pas les valeurs de leurs clients pour les mettre encore mieux en relief.<br \/>Merci pour cette heureuse collaboration (et mon beau logo \ud83d\ude0a)\u201d<\/p>\n            <\/div>\n            <div class=\"thought__signature\">\n                <p class=\"thought__name\">S\u00e9bastien Ardouin<\/p>\n                <p class=\"thought__company\"><strong><\/strong><\/p>\n            <\/div>\n        <\/div>\n\n        \n\n\n<div class=\"wp-block-bzh-animate animate aos-init\" data-aos=\"fade-left\" data-aos-offset=\"120\" data-aos-delay=\"100\" data-aos-duration=\"600\" data-aos-easing=\"ease\" data-aos-once=\"true\" data-aos-anchor-placement=\"center-bottom\"><\/div>\n<\/div>\n<\/div><\/div>\n<\/div><\/div>\n<\/section>\n","protected":false},"excerpt":{"rendered":"","protected":false},"author":1,"featured_media":0,"parent":0,"menu_order":0,"comment_status":"closed","ping_status":"closed","template":"","meta":{"footnotes":""},"class_list":["post-8","page","type-page","status-publish","hentry"],"yoast_head":"<!-- This site is optimized with the Yoast SEO plugin v24.4 - https:\/\/yoast.com\/wordpress\/plugins\/seo\/ -->\n<title>Accueil - Glenn.bzh<\/title>\n<meta name=\"robots\" content=\"noindex, follow, max-snippet:-1, max-image-preview:large, max-video-preview:-1\" \/>\n<meta property=\"og:locale\" content=\"fr_FR\" \/>\n<meta property=\"og:type\" content=\"article\" \/>\n<meta property=\"og:title\" content=\"Accueil - Glenn.bzh\" \/>\n<meta property=\"og:url\" content=\"https:\/\/demo.breizhtorm.fr\/glenn\/\" \/>\n<meta property=\"og:site_name\" content=\"Glenn.bzh\" \/>\n<meta property=\"article:modified_time\" content=\"2025-02-06T14:26:22+00:00\" \/>\n<meta property=\"og:image\" content=\"http:\/\/demo.breizhtorm.fr\/glenn\/wp-content\/uploads\/2025\/02\/glenn-portrait-700x1044.png\" \/>\n<meta name=\"twitter:card\" content=\"summary_large_image\" \/>\n<meta name=\"twitter:label1\" content=\"Dur\u00e9e de lecture estim\u00e9e\" \/>\n\t<meta name=\"twitter:data1\" content=\"2 minutes\" \/>\n<script type=\"application\/ld+json\" class=\"yoast-schema-graph\">{\"@context\":\"https:\/\/schema.org\",\"@graph\":[{\"@type\":\"WebPage\",\"@id\":\"https:\/\/demo.breizhtorm.fr\/glenn\/\",\"url\":\"https:\/\/demo.breizhtorm.fr\/glenn\/\",\"name\":\"Accueil - Glenn.bzh\",\"isPartOf\":{\"@id\":\"https:\/\/demo.breizhtorm.fr\/glenn\/#website\"},\"primaryImageOfPage\":{\"@id\":\"https:\/\/demo.breizhtorm.fr\/glenn\/#primaryimage\"},\"image\":{\"@id\":\"https:\/\/demo.breizhtorm.fr\/glenn\/#primaryimage\"},\"thumbnailUrl\":\"http:\/\/demo.breizhtorm.fr\/glenn\/wp-content\/uploads\/2025\/02\/glenn-portrait-700x1044.png\",\"datePublished\":\"2024-10-29T10:36:30+00:00\",\"dateModified\":\"2025-02-06T14:26:22+00:00\",\"breadcrumb\":{\"@id\":\"https:\/\/demo.breizhtorm.fr\/glenn\/#breadcrumb\"},\"inLanguage\":\"fr-FR\",\"potentialAction\":[{\"@type\":\"ReadAction\",\"target\":[\"https:\/\/demo.breizhtorm.fr\/glenn\/\"]}]},{\"@type\":\"ImageObject\",\"inLanguage\":\"fr-FR\",\"@id\":\"https:\/\/demo.breizhtorm.fr\/glenn\/#primaryimage\",\"url\":\"https:\/\/demo.breizhtorm.fr\/glenn\/wp-content\/uploads\/2025\/02\/glenn-portrait.png\",\"contentUrl\":\"https:\/\/demo.breizhtorm.fr\/glenn\/wp-content\/uploads\/2025\/02\/glenn-portrait.png\",\"width\":1936,\"height\":2888},{\"@type\":\"BreadcrumbList\",\"@id\":\"https:\/\/demo.breizhtorm.fr\/glenn\/#breadcrumb\",\"itemListElement\":[{\"@type\":\"ListItem\",\"position\":1,\"name\":\"Accueil\",\"item\":\"https:\/\/demo.breizhtorm.fr\/glenn\/\"},{\"@type\":\"ListItem\",\"position\":2,\"name\":\"Accueil\"}]},{\"@type\":\"WebSite\",\"@id\":\"https:\/\/demo.breizhtorm.fr\/glenn\/#website\",\"url\":\"https:\/\/demo.breizhtorm.fr\/glenn\/\",\"name\":\"Breizhtorm\",\"description\":\"\",\"publisher\":{\"@id\":\"https:\/\/demo.breizhtorm.fr\/glenn\/#organization\"},\"potentialAction\":[{\"@type\":\"SearchAction\",\"target\":{\"@type\":\"EntryPoint\",\"urlTemplate\":\"https:\/\/demo.breizhtorm.fr\/glenn\/?s={search_term_string}\"},\"query-input\":{\"@type\":\"PropertyValueSpecification\",\"valueRequired\":true,\"valueName\":\"search_term_string\"}}],\"inLanguage\":\"fr-FR\"},{\"@type\":\"Organization\",\"@id\":\"https:\/\/demo.breizhtorm.fr\/glenn\/#organization\",\"name\":\"Breizhtorm\",\"url\":\"https:\/\/demo.breizhtorm.fr\/glenn\/\",\"logo\":{\"@type\":\"ImageObject\",\"inLanguage\":\"fr-FR\",\"@id\":\"https:\/\/demo.breizhtorm.fr\/glenn\/#\/schema\/logo\/image\/\",\"url\":\"https:\/\/demo.breizhtorm.fr\/glenn\/wp-content\/uploads\/2025\/01\/Logo_glenn-bzh.png\",\"contentUrl\":\"https:\/\/demo.breizhtorm.fr\/glenn\/wp-content\/uploads\/2025\/01\/Logo_glenn-bzh.png\",\"width\":515,\"height\":91,\"caption\":\"Breizhtorm\"},\"image\":{\"@id\":\"https:\/\/demo.breizhtorm.fr\/glenn\/#\/schema\/logo\/image\/\"}}]}<\/script>\n<!-- \/ Yoast SEO plugin. -->","yoast_head_json":{"title":"Accueil - Glenn.bzh","robots":{"index":"noindex","follow":"follow","max-snippet":"max-snippet:-1","max-image-preview":"max-image-preview:large","max-video-preview":"max-video-preview:-1"},"og_locale":"fr_FR","og_type":"article","og_title":"Accueil - Glenn.bzh","og_url":"https:\/\/demo.breizhtorm.fr\/glenn\/","og_site_name":"Glenn.bzh","article_modified_time":"2025-02-06T14:26:22+00:00","og_image":[{"url":"http:\/\/demo.breizhtorm.fr\/glenn\/wp-content\/uploads\/2025\/02\/glenn-portrait-700x1044.png","type":"","width":"","height":""}],"twitter_card":"summary_large_image","twitter_misc":{"Dur\u00e9e de lecture estim\u00e9e":"2 minutes"},"schema":{"@context":"https:\/\/schema.org","@graph":[{"@type":"WebPage","@id":"https:\/\/demo.breizhtorm.fr\/glenn\/","url":"https:\/\/demo.breizhtorm.fr\/glenn\/","name":"Accueil - Glenn.bzh","isPartOf":{"@id":"https:\/\/demo.breizhtorm.fr\/glenn\/#website"},"primaryImageOfPage":{"@id":"https:\/\/demo.breizhtorm.fr\/glenn\/#primaryimage"},"image":{"@id":"https:\/\/demo.breizhtorm.fr\/glenn\/#primaryimage"},"thumbnailUrl":"http:\/\/demo.breizhtorm.fr\/glenn\/wp-content\/uploads\/2025\/02\/glenn-portrait-700x1044.png","datePublished":"2024-10-29T10:36:30+00:00","dateModified":"2025-02-06T14:26:22+00:00","breadcrumb":{"@id":"https:\/\/demo.breizhtorm.fr\/glenn\/#breadcrumb"},"inLanguage":"fr-FR","potentialAction":[{"@type":"ReadAction","target":["https:\/\/demo.breizhtorm.fr\/glenn\/"]}]},{"@type":"ImageObject","inLanguage":"fr-FR","@id":"https:\/\/demo.breizhtorm.fr\/glenn\/#primaryimage","url":"https:\/\/demo.breizhtorm.fr\/glenn\/wp-content\/uploads\/2025\/02\/glenn-portrait.png","contentUrl":"https:\/\/demo.breizhtorm.fr\/glenn\/wp-content\/uploads\/2025\/02\/glenn-portrait.png","width":1936,"height":2888},{"@type":"BreadcrumbList","@id":"https:\/\/demo.breizhtorm.fr\/glenn\/#breadcrumb","itemListElement":[{"@type":"ListItem","position":1,"name":"Accueil","item":"https:\/\/demo.breizhtorm.fr\/glenn\/"},{"@type":"ListItem","position":2,"name":"Accueil"}]},{"@type":"WebSite","@id":"https:\/\/demo.breizhtorm.fr\/glenn\/#website","url":"https:\/\/demo.breizhtorm.fr\/glenn\/","name":"Breizhtorm","description":"","publisher":{"@id":"https:\/\/demo.breizhtorm.fr\/glenn\/#organization"},"potentialAction":[{"@type":"SearchAction","target":{"@type":"EntryPoint","urlTemplate":"https:\/\/demo.breizhtorm.fr\/glenn\/?s={search_term_string}"},"query-input":{"@type":"PropertyValueSpecification","valueRequired":true,"valueName":"search_term_string"}}],"inLanguage":"fr-FR"},{"@type":"Organization","@id":"https:\/\/demo.breizhtorm.fr\/glenn\/#organization","name":"Breizhtorm","url":"https:\/\/demo.breizhtorm.fr\/glenn\/","logo":{"@type":"ImageObject","inLanguage":"fr-FR","@id":"https:\/\/demo.breizhtorm.fr\/glenn\/#\/schema\/logo\/image\/","url":"https:\/\/demo.breizhtorm.fr\/glenn\/wp-content\/uploads\/2025\/01\/Logo_glenn-bzh.png","contentUrl":"https:\/\/demo.breizhtorm.fr\/glenn\/wp-content\/uploads\/2025\/01\/Logo_glenn-bzh.png","width":515,"height":91,"caption":"Breizhtorm"},"image":{"@id":"https:\/\/demo.breizhtorm.fr\/glenn\/#\/schema\/logo\/image\/"}}]}},"_links":{"self":[{"href":"https:\/\/demo.breizhtorm.fr\/glenn\/wp-json\/wp\/v2\/pages\/8","targetHints":{"allow":["GET"]}}],"collection":[{"href":"https:\/\/demo.breizhtorm.fr\/glenn\/wp-json\/wp\/v2\/pages"}],"about":[{"href":"https:\/\/demo.breizhtorm.fr\/glenn\/wp-json\/wp\/v2\/types\/page"}],"author":[{"embeddable":true,"href":"https:\/\/demo.breizhtorm.fr\/glenn\/wp-json\/wp\/v2\/users\/1"}],"replies":[{"embeddable":true,"href":"https:\/\/demo.breizhtorm.fr\/glenn\/wp-json\/wp\/v2\/comments?post=8"}],"version-history":[{"count":284,"href":"https:\/\/demo.breizhtorm.fr\/glenn\/wp-json\/wp\/v2\/pages\/8\/revisions"}],"predecessor-version":[{"id":1427,"href":"https:\/\/demo.breizhtorm.fr\/glenn\/wp-json\/wp\/v2\/pages\/8\/revisions\/1427"}],"wp:attachment":[{"href":"https:\/\/demo.breizhtorm.fr\/glenn\/wp-json\/wp\/v2\/media?parent=8"}],"curies":[{"name":"wp","href":"https:\/\/api.w.org\/{rel}","templated":true}]}}